{"id":66,"date":"2019-01-17T18:56:08","date_gmt":"2019-01-17T18:56:08","guid":{"rendered":"http:\/\/wp.musikvereinigung-tiefenbach.de\/?page_id=66"},"modified":"2025-03-09T09:15:06","modified_gmt":"2025-03-09T08:15:06","slug":"jugend","status":"publish","type":"page","link":"https:\/\/www.musikvereinigung-tiefenbach.de\/?page_id=66","title":{"rendered":"Jugendausbildung"},"content":{"rendered":"<p><\/p>\n<p>Unsere <a href=\"https:\/\/www.musikvereinigung-tiefenbach.de\/?page_id=1324\">Jugendleiter<\/a> sind eure Ansprechpartner rund um die Themen Blockfl\u00f6tenunterricht, Ausbildung an Blasinstrumenten und Schlagwerk, sowie generellen Fragen zum Musizieren im Kindes- und Jugendalter. <\/p>\n<p><\/p>\n<p><\/p>\n<figure data-wp-context=\"{ &quot;core&quot;:\n\t\t\t\t{ &quot;image&quot;:\n\t\t\t\t\t{   &quot;imageLoaded&quot;: false,\n\t\t\t\t\t\t&quot;initialized&quot;: false,\n\t\t\t\t\t\t&quot;lightboxEnabled&quot;: false,\n\t\t\t\t\t\t&quot;hideAnimationEnabled&quot;: false,\n\t\t\t\t\t\t&quot;preloadInitialized&quot;: false,\n\t\t\t\t\t\t&quot;lightboxAnimation&quot;: &quot;zoom&quot;,\n\t\t\t\t\t\t&quot;imageUploadedSrc&quot;: &quot;https:\/\/www.musikvereinigung-tiefenbach.de\/wp-content\/uploads\/2025\/03\/240403-Jugendwerbung-DIN-A4-303-\u00d7-216-mm-e1741506924163.png&quot;,\n\t\t\t\t\t\t&quot;imageCurrentSrc&quot;: &quot;&quot;,\n\t\t\t\t\t\t&quot;targetWidth&quot;: &quot;1270&quot;,\n\t\t\t\t\t\t&quot;targetHeight&quot;: &quot;1270&quot;,\n\t\t\t\t\t\t&quot;scaleAttr&quot;: &quot;&quot;,\n\t\t\t\t\t\t&quot;dialogLabel&quot;: &quot;Vergr\u00f6\u00dfertes Bild&quot;\n\t\t\t\t\t}\n\t\t\t\t}\n\t\t\t}\" data-wp-interactive class=\"wp-block-image alignright size-large is-resized wp-lightbox-container\"><img loading=\"lazy\" decoding=\"async\" width=\"1024\" height=\"1024\" data-wp-effect--setStylesOnResize=\"effects.core.image.setStylesOnResize\" data-wp-effect=\"effects.core.image.setButtonStyles\" data-wp-init=\"effects.core.image.initOriginImage\" data-wp-on--click=\"actions.core.image.showLightbox\" data-wp-on--load=\"actions.core.image.handleLoad\" src=\"https:\/\/www.musikvereinigung-tiefenbach.de\/wp-content\/uploads\/2025\/03\/240403-Jugendwerbung-DIN-A4-303-\u00d7-216-mm-e1741506924163-1024x1024.png\" alt=\"\" class=\"wp-image-1635\" style=\"width:449px;height:auto\" srcset=\"https:\/\/www.musikvereinigung-tiefenbach.de\/wp-content\/uploads\/2025\/03\/240403-Jugendwerbung-DIN-A4-303-\u00d7-216-mm-e1741506924163-1024x1024.png 1024w, https:\/\/www.musikvereinigung-tiefenbach.de\/wp-content\/uploads\/2025\/03\/240403-Jugendwerbung-DIN-A4-303-\u00d7-216-mm-e1741506924163-300x300.png 300w, https:\/\/www.musikvereinigung-tiefenbach.de\/wp-content\/uploads\/2025\/03\/240403-Jugendwerbung-DIN-A4-303-\u00d7-216-mm-e1741506924163-150x150.png 150w, https:\/\/www.musikvereinigung-tiefenbach.de\/wp-content\/uploads\/2025\/03\/240403-Jugendwerbung-DIN-A4-303-\u00d7-216-mm-e1741506924163-768x768.png 768w, https:\/\/www.musikvereinigung-tiefenbach.de\/wp-content\/uploads\/2025\/03\/240403-Jugendwerbung-DIN-A4-303-\u00d7-216-mm-e1741506924163-510x510.png 510w, https:\/\/www.musikvereinigung-tiefenbach.de\/wp-content\/uploads\/2025\/03\/240403-Jugendwerbung-DIN-A4-303-\u00d7-216-mm-e1741506924163.png 1270w\" sizes=\"(max-width: 1024px) 100vw, 1024px\" \/><button\n\t\t\tclass=\"lightbox-trigger\"\n\t\t\ttype=\"button\"\n\t\t\taria-haspopup=\"dialog\"\n\t\t\taria-label=\"Bild vergr\u00f6\u00dfern\"\n\t\t\tdata-wp-on--click=\"actions.core.image.showLightbox\"\n\t\t\tdata-wp-style--right=\"context.core.image.imageButtonRight\"\n\t\t\tdata-wp-style--top=\"context.core.image.imageButtonTop\"\n\t\t>\n\t\t\t<svg xmlns=\"http:\/\/www.w3.org\/2000\/svg\" width=\"12\" height=\"12\" fill=\"none\" viewBox=\"0 0 12 12\">\n\t\t\t\t<path fill=\"#fff\" d=\"M2 0a2 2 0 0 0-2 2v2h1.5V2a.5.5 0 0 1 .5-.5h2V0H2Zm2 10.5H2a.5.5 0 0 1-.5-.5V8H0v2a2 2 0 0 0 2 2h2v-1.5ZM8 12v-1.5h2a.5.5 0 0 0 .5-.5V8H12v2a2 2 0 0 1-2 2H8Zm2-12a2 2 0 0 1 2 2v2h-1.5V2a.5.5 0 0 0-.5-.5H8V0h2Z\" \/>\n\t\t\t<\/svg>\n\t\t<\/button>        <div data-wp-body=\"\" class=\"wp-lightbox-overlay zoom\"\n            data-wp-bind--role=\"selectors.core.image.roleAttribute\"\n            data-wp-bind--aria-label=\"selectors.core.image.dialogLabel\"\n            data-wp-class--initialized=\"context.core.image.initialized\"\n            data-wp-class--active=\"context.core.image.lightboxEnabled\"\n            data-wp-class--hideAnimationEnabled=\"context.core.image.hideAnimationEnabled\"\n            data-wp-bind--aria-modal=\"selectors.core.image.ariaModal\"\n            data-wp-effect=\"effects.core.image.initLightbox\"\n            data-wp-on--keydown=\"actions.core.image.handleKeydown\"\n            data-wp-on--touchstart=\"actions.core.image.handleTouchStart\"\n            data-wp-on--touchmove=\"actions.core.image.handleTouchMove\"\n            data-wp-on--touchend=\"actions.core.image.handleTouchEnd\"\n            data-wp-on--click=\"actions.core.image.hideLightbox\"\n            tabindex=\"-1\"\n            >\n                <button type=\"button\" aria-label=\"Schlie\u00dfen\" style=\"fill: #000\" class=\"close-button\" data-wp-on--click=\"actions.core.image.hideLightbox\">\n                    <svg xmlns=\"http:\/\/www.w3.org\/2000\/svg\" viewBox=\"0 0 24 24\" width=\"20\" height=\"20\" aria-hidden=\"true\" focusable=\"false\"><path d=\"M13 11.8l6.1-6.3-1-1-6.1 6.2-6.1-6.2-1 1 6.1 6.3-6.5 6.7 1 1 6.5-6.6 6.5 6.6 1-1z\"><\/path><\/svg>\n                <\/button>\n                <div class=\"lightbox-image-container\"><\/p>\n<figure class=\"wp-block-image alignright size-large is-resized responsive-image\"><img decoding=\"async\" data-wp-bind--src=\"context.core.image.imageCurrentSrc\" data-wp-style--object-fit=\"selectors.core.image.lightboxObjectFit\" src=\"\" alt=\"\" class=\"wp-image-1635\" style=\"width:449px;height:auto\"\/><\/figure>\n<p><\/div>\n                <div class=\"lightbox-image-container\"><\/p>\n<figure class=\"wp-block-image alignright size-large is-resized enlarged-image\"><img decoding=\"async\" data-wp-bind--src=\"selectors.core.image.enlargedImgSrc\" data-wp-style--object-fit=\"selectors.core.image.lightboxObjectFit\" src=\"\" alt=\"\" class=\"wp-image-1635\" style=\"width:449px;height:auto\"\/><\/figure>\n<p><\/div>\n                <div class=\"scrim\" style=\"background-color: #fff\" aria-hidden=\"true\"><\/div>\n        <\/div><\/figure>\n<p><\/p>\n<p><\/p>\n<p class=\"has-text-align-left\">Wir bilden alle g\u00e4ngigen Holz- und Blechblasinstrumente aus und gehen dabei selbstverst\u00e4ndlich auf die W\u00fcnsche unserer Sch\u00fcler ein. Die Ausbildung erfolgt mit qualifizierten Musiklehrern, wodurch wir sicherstellen, dass erfahrene und kompetente Instrumentallehrer euch zum musikalischen Erfolg f\u00fchren.  <\/p>\n<p>Die Ausbildung bei der Musikvereinigung richtet sich nicht nach den Bed\u00fcrfnissen unserer aktuellen Instrumentalbesetzung der aktiven Kapelle, vielmehr ist die Instrumentenwahl die freie Entscheidung aller unserer Sch\u00fcler. Unseres Erachtens ist dies der Grundstein f\u00fcr eine nachhaltige Ausbildung und Freude am lebenslangen Musizieren. <\/p>\n<p><\/p>\n<p><\/p>\n<div class=\"wp-block-buttons is-content-justification-center is-layout-flex wp-container-core-buttons-layout-1 wp-block-buttons-is-layout-flex\"><\/p>\n<div class=\"wp-block-button\"><a class=\"wp-block-button__link has-text-align-left wp-element-button\" href=\"https:\/\/www.musikvereinigung-tiefenbach.de\/?page_id=1447\">Zur Anmeldung<\/a><\/div>\n<p><\/div>\n<p><\/p>\n<p><\/p>\n<div style=\"height:52px\" aria-hidden=\"true\" class=\"wp-block-spacer\"><\/div>\n<p><\/p>\n<p><\/p>\n<h4 class=\"wp-block-heading\"><strong>Instrument &#8211; ja unbedingt, aber welches?<\/strong> <\/h4>\n<p><\/p>\n<p><\/p>\n<figure class=\"wp-block-embed is-type-video is-provider-youtube wp-block-embed-youtube wp-embed-aspect-16-9 wp-has-aspect-ratio\">\n<div class=\"wp-block-embed__wrapper\">\n<iframe loading=\"lazy\" title=\"Instrumentenvorstellung Tiefes Blech - Bayerischer Blasmusikverband\" width=\"1140\" height=\"641\" src=\"https:\/\/www.youtube.com\/embed\/ksV5gCwPSNE?feature=oembed\" frameborder=\"0\" allow=\"accelerometer; autoplay; clipboard-write; encrypted-media; gyroscope; picture-in-picture; web-share\" referrerpolicy=\"strict-origin-when-cross-origin\" allowfullscreen><\/iframe>\n<\/div>\n<\/figure>\n<p><\/p>\n<p><\/p>\n<figure class=\"wp-block-embed is-type-video is-provider-youtube wp-block-embed-youtube wp-embed-aspect-16-9 wp-has-aspect-ratio\">\n<div class=\"wp-block-embed__wrapper\">\n<iframe loading=\"lazy\" title=\"Instrumentenvorstellung Hohes Blech - Bayerischer Blasmusikverband\" width=\"1140\" height=\"641\" src=\"https:\/\/www.youtube.com\/embed\/O1vzdjsz-rs?feature=oembed\" frameborder=\"0\" allow=\"accelerometer; autoplay; clipboard-write; encrypted-media; gyroscope; picture-in-picture; web-share\" referrerpolicy=\"strict-origin-when-cross-origin\" allowfullscreen><\/iframe>\n<\/div>\n<\/figure>\n<p><\/p>\n<p><\/p>\n<figure class=\"wp-block-embed is-type-video is-provider-youtube wp-block-embed-youtube wp-embed-aspect-16-9 wp-has-aspect-ratio\">\n<div class=\"wp-block-embed__wrapper\">\n<iframe loading=\"lazy\" title=\"Instrumentenvorstellung Holz - Bayerischer Blasmusikverband\" width=\"1140\" height=\"641\" src=\"https:\/\/www.youtube.com\/embed\/-cPve9mGmv8?feature=oembed\" frameborder=\"0\" allow=\"accelerometer; autoplay; clipboard-write; encrypted-media; gyroscope; picture-in-picture; web-share\" referrerpolicy=\"strict-origin-when-cross-origin\" allowfullscreen><\/iframe>\n<\/div>\n<\/figure>\n<p><\/p>\n<p><\/p>\n<figure class=\"wp-block-embed is-type-video is-provider-youtube wp-block-embed-youtube wp-embed-aspect-16-9 wp-has-aspect-ratio\">\n<div class=\"wp-block-embed__wrapper\">\n<iframe loading=\"lazy\" title=\"Instrumentenvorstellung Schlagzeug - Bayerischer Blasmusikverband\" width=\"1140\" height=\"641\" src=\"https:\/\/www.youtube.com\/embed\/jHj5fCvfnGY?feature=oembed\" frameborder=\"0\" allow=\"accelerometer; autoplay; clipboard-write; encrypted-media; gyroscope; picture-in-picture; web-share\" referrerpolicy=\"strict-origin-when-cross-origin\" allowfullscreen><\/iframe>\n<\/div>\n<\/figure>\n<p><\/p>\n<p><\/p>\n<p>Keine Panik, selbstverst\u00e4ndlich k\u00f6nnt ihr die oben genannten Instrumente ausprobieren und abw\u00e4gen, welches in Frage kommt und welches sich als ein absoluter Spa\u00dft\u00f6ter entpuppt . <strong>Nimm <\/strong><a href=\"https:\/\/www.musikvereinigung-tiefenbach.de\/?page_id=20\"><strong>Kontakt<\/strong><\/a><strong> mit uns auf.<\/strong> Gerne organisieren wir f\u00fcr dich eine individuelle Schnupperstunde, d.h. du wirst von einem aktiven Musiker der Instrumente an die Hand genommen und kannst deine ersten Versuche auf den Instrumenten wagen. Wer wei\u00df, hier hat schon der\/ die ein oder andere sein Trauminstrument gefunden. <strong>Wir freuen uns von dir zu h\u00f6ren!<\/strong><\/p>\n<p><\/p>\n<p><\/p>\n<h4 class=\"wp-block-heading\"><strong>Was dich sonst noch bewegt&#8230;<\/strong><\/h4>\n<p><\/p>\n<p><\/p>\n<p><\/p>\n<p><\/p>\n<figure class=\"wp-block-table is-style-stripes\">\n<table class=\"has-fixed-layout\">\n<tbody>\n<tr>\n<td><strong>Wo<\/strong> findet der <br \/>Instrumentalunterricht statt?<\/td>\n<td>Die Ausbildung am Instrument findet nach M\u00f6glichkeit in <br \/>den Prober\u00e4umen der Musikvereinigung Tiefenbach im <br \/>Bgm.-Erwin-B\u00fcrzle-Haus (Alte Schule) statt.<\/td>\n<\/tr>\n<tr>\n<td><strong>Wann<\/strong> findet der <br \/>Instrumentalunterricht statt?<\/td>\n<td>Die Ausbildung erfolgt in der Regel in Abstimmung mit <br \/>den jeweiligen Sch\u00fclern unter Ber\u00fccksichtigung der <br \/>schulischen Veranstaltungen und wird im Vorlauf der <br \/>jeweiligen Schulhalbjahre abgestimmt.<br \/>In der Ferienzeit findet keine Ausbildung statt.<\/td>\n<\/tr>\n<tr>\n<td>Welche <strong>musikalischen <br \/>Ziele<\/strong> verfolgt die Ausbildung?<\/td>\n<td>Generell verfolgt die Ausbildung innerhalb eines jeden <br \/>Musikvereins die Nachwuchsgewinnung f\u00fcr die aktiven <br \/>Musikkapellen.<br \/>Als Mitglied des Allg\u00e4u-Schw\u00e4bischen-Musikbundes (ASM) werden im Rahmen der Ausbildung diverse <br \/>Bl\u00e4serpr\u00fcfungen abgelegt, mit dem Ziel mindestens die <br \/>Bl\u00e4serpr\u00fcfung D2 zu meistern.<\/td>\n<\/tr>\n<tr>\n<td>Wann kann ich mit der Ausbildung <strong>starten<\/strong>?<\/td>\n<td>Aufgrund der Verf\u00fcgbarkeit der entsprechenden <br \/>Ausbilder beginnt die Ausbildung im Regelfall zum Beginn der schulischen Halbjahre.<br \/>In Einzelf\u00e4llen ist es auch m\u00f6glich die Ausbildung <br \/>au\u00dferhalb dieses Turnus zu starten.<\/td>\n<\/tr>\n<tr>\n<td>Wo bekomme ich ein Instrument her?<\/td>\n<td>Generell k\u00f6nnten Instrumente gekauft und\/ oder <br \/>gemietet werden.<br \/>Mittlerweile haben sich einige Musikh\u00e4user der <br \/>Umgebung an die Anforderungen der Eltern angeglichen <br \/>und bieten diverse Finanzierungs- und Mietmodelle an. <br \/>Gerne unterst\u00fctzen wir euch bei der Findung des <br \/>richtigen Instruments.<\/td>\n<\/tr>\n<\/tbody>\n<\/table>\n<\/figure>\n<p><\/p>\n","protected":false},"excerpt":{"rendered":"<p>Unsere Jugendleiter sind eure Ansprechpartner rund um die Themen Blockfl\u00f6tenunterricht, Ausbildung an Blasinstrumenten und Schlagwerk, sowie generellen Fragen zum Musizieren im Kindes- und Jugendalter. Wir bilden alle g\u00e4ngigen Holz- und Blechblasinstrumente aus und gehen dabei selbstverst\u00e4ndlich auf die W\u00fcnsche unserer Sch\u00fcler ein. Die Ausbildung erfolgt mit qualifizierten Musiklehrern, wodurch wir sicherstellen, dass erfahrene und kompetente [&hellip;]<\/p>\n","protected":false},"author":1,"featured_media":447,"parent":0,"menu_order":0,"comment_status":"closed","ping_status":"closed","template":"","meta":{"footnotes":""},"_links":{"self":[{"href":"https:\/\/www.musikvereinigung-tiefenbach.de\/index.php?rest_route=\/wp\/v2\/pages\/66"}],"collection":[{"href":"https:\/\/www.musikvereinigung-tiefenbach.de\/index.php?rest_route=\/wp\/v2\/pages"}],"about":[{"href":"https:\/\/www.musikvereinigung-tiefenbach.de\/index.php?rest_route=\/wp\/v2\/types\/page"}],"author":[{"embeddable":true,"href":"https:\/\/www.musikvereinigung-tiefenbach.de\/index.php?rest_route=\/wp\/v2\/users\/1"}],"replies":[{"embeddable":true,"href":"https:\/\/www.musikvereinigung-tiefenbach.de\/index.php?rest_route=%2Fwp%2Fv2%2Fcomments&post=66"}],"version-history":[{"count":52,"href":"https:\/\/www.musikvereinigung-tiefenbach.de\/index.php?rest_route=\/wp\/v2\/pages\/66\/revisions"}],"predecessor-version":[{"id":1647,"href":"https:\/\/www.musikvereinigung-tiefenbach.de\/index.php?rest_route=\/wp\/v2\/pages\/66\/revisions\/1647"}],"wp:featuredmedia":[{"embeddable":true,"href":"https:\/\/www.musikvereinigung-tiefenbach.de\/index.php?rest_route=\/wp\/v2\/media\/447"}],"wp:attachment":[{"href":"https:\/\/www.musikvereinigung-tiefenbach.de\/index.php?rest_route=%2Fwp%2Fv2%2Fmedia&parent=66"}],"curies":[{"name":"wp","href":"https:\/\/api.w.org\/{rel}","templated":true}]}}